{"id":37,"date":"2025-04-08T17:27:19","date_gmt":"2025-04-08T14:27:19","guid":{"rendered":"https:\/\/www.rissanen.palvelin.pro\/kerimakiseura\/?page_id=37"},"modified":"2026-03-26T19:41:07","modified_gmt":"2026-03-26T17:41:07","slug":"seura","status":"publish","type":"page","link":"https:\/\/www.rissanen.palvelin.pro\/kerimakiseura\/seura\/","title":{"rendered":"Seura"},"content":{"rendered":"\n<div class=\"wp-block-uagb-container uagb-block-mmsxhcig alignfull uagb-is-root-container\"><div class=\"uagb-container-inner-blocks-wrap\">\n<div class=\"wp-block-uagb-container uagb-block-521e401a\">\n<div class=\"wp-block-uagb-image uagb-block-e0662999 wp-block-uagb-image--layout-default wp-block-uagb-image--effect-static wp-block-uagb-image--align-none\"><figure class=\"wp-block-uagb-image__figure\"><img decoding=\"async\" srcset=\"https:\/\/www.rissanen.palvelin.pro\/kerimakiseura\/wp-content\/uploads\/2025\/04\/Kulkue_1-rotated.jpg ,https:\/\/www.rissanen.palvelin.pro\/kerimakiseura\/wp-content\/uploads\/2025\/04\/Kulkue_1-rotated.jpg 780w, https:\/\/www.rissanen.palvelin.pro\/kerimakiseura\/wp-content\/uploads\/2025\/04\/Kulkue_1-rotated.jpg 360w\" sizes=\"auto, (max-width: 480px) 150px\" src=\"https:\/\/www.rissanen.palvelin.pro\/kerimakiseura\/wp-content\/uploads\/2025\/04\/Kulkue_1-rotated.jpg\" alt=\"\" class=\"uag-image-115\" width=\"480\" height=\"640\" title=\"\" loading=\"lazy\" role=\"presentation\"\/><\/figure><\/div>\n<\/div>\n\n\n\n<div class=\"wp-block-uagb-container uagb-block-e7cm7s0f\">\n<div class=\"wp-block-uagb-info-box uagb-block-kqhltmd1 uagb-infobox__content-wrap  uagb-infobox-icon-above-title uagb-infobox-image-valign-top\"><div class=\"uagb-ifb-content\"><div class=\"uagb-ifb-title-wrap\"><h2 class=\"uagb-ifb-title\">Kerim\u00e4kiseura<\/h2><\/div><p class=\"uagb-ifb-desc\">Kerim\u00e4ki-seura&nbsp;on aktiivisesti toimiva yhdistys, joka on perustettu 29.9.1963. Kerim\u00e4ki-seuran tarkoituksena on kotiseudun kaikinpuolinen kehitt\u00e4minen, ihmisten viihtyisyyden lis\u00e4\u00e4minen, kotiseutuhengen yll\u00e4pit\u00e4minen ja -kulttuurin vaaliminen ja edist\u00e4minen.<br><br>Seura toimii alueensa etuj\u00e4rjest\u00f6n\u00e4 sek\u00e4 asukkaiden ja yhteis\u00f6jen yhdyssiteen\u00e4. Seura tekee aloitteita ja esityksi\u00e4 viranomaisille, j\u00e4rjest\u00e4\u00e4 kotiseutup\u00e4ivi\u00e4, -talkoita, -retki\u00e4 ja n\u00e4yttelyit\u00e4, edist\u00e4\u00e4 perinteen tallentamista sek\u00e4 luonnon ja kulttuuriymp\u00e4rist\u00f6n vaalimista, harjoittaa museotoimintaa sek\u00e4 toimii yhteisty\u00f6ss\u00e4 Suomen kotiseutuliiton kanssa.<\/p><\/div><\/div>\n\n\n\n<div class=\"wp-block-uagb-buttons uagb-buttons__outer-wrap uagb-btn__default-btn uagb-btn-tablet__default-btn uagb-btn-mobile__default-btn uagb-block-4d88d124\"><div class=\"uagb-buttons__wrap uagb-buttons-layout-wrap \">\n<div class=\"wp-block-uagb-buttons-child uagb-buttons__outer-wrap uagb-block-071d40af wp-block-button\"><div class=\"uagb-button__wrapper\"><a class=\"uagb-buttons-repeater wp-block-button__link\" aria-label=\"\" href=\"#\" rel=\"follow noopener\" target=\"_self\" role=\"button\"><div class=\"uagb-button__link\">J\u00e4senkirje 2025 (pdf)<\/div><\/a><\/div><\/div>\n<\/div><\/div>\n\n\n\n<div class=\"wp-block-uagb-buttons uagb-buttons__outer-wrap uagb-btn__default-btn uagb-btn-tablet__default-btn uagb-btn-mobile__default-btn uagb-block-6e41430a\"><div class=\"uagb-buttons__wrap uagb-buttons-layout-wrap \">\n<div class=\"wp-block-uagb-buttons-child uagb-buttons__outer-wrap uagb-block-283bd061 wp-block-button\"><div class=\"uagb-button__wrapper\"><a class=\"uagb-buttons-repeater wp-block-button__link\" aria-label=\"\" href=\"#\" rel=\"follow noopener\" target=\"_self\" role=\"button\"><div class=\"uagb-button__link\">Toimintakertomus 2025 (pdf)<\/div><\/a><\/div><\/div>\n<\/div><\/div>\n\n\n\n<div class=\"wp-block-uagb-buttons uagb-buttons__outer-wrap uagb-btn__default-btn uagb-btn-tablet__default-btn uagb-btn-mobile__default-btn uagb-block-f775b14e\"><div class=\"uagb-buttons__wrap uagb-buttons-layout-wrap \">\n<div class=\"wp-block-uagb-buttons-child uagb-buttons__outer-wrap uagb-block-4e9f7e3f wp-block-button\"><div class=\"uagb-button__wrapper\"><a class=\"uagb-buttons-repeater wp-block-button__link\" aria-label=\"\" href=\"#\" rel=\"follow noopener\" target=\"_self\" role=\"button\"><div class=\"uagb-button__link\">Voimassa olevat s\u00e4\u00e4nn\u00f6t (pdf)<\/div><\/a><\/div><\/div>\n<\/div><\/div>\n<\/div>\n<\/div><\/div>\n\n\n\n<div class=\"wp-block-uagb-container uagb-block-bs0qr8hu alignfull uagb-is-root-container\"><div class=\"uagb-container-inner-blocks-wrap\">\n<div class=\"wp-block-uagb-info-box uagb-block-kpx8b78y uagb-infobox__content-wrap  uagb-infobox-icon-above-title uagb-infobox-image-valign-top\"><div class=\"uagb-ifb-content\"><div class=\"uagb-ifb-title-wrap\"><h2 class=\"uagb-ifb-title\">Hallitus 2025<\/h2><\/div><\/div><\/div>\n\n\n\n<div class=\"wp-block-uagb-container uagb-block-g9hscq7w\">\n<div class=\"wp-block-uagb-container uagb-block-rfp44b12\">\n<div class=\"wp-block-uagb-info-box uagb-block-vc0nrct8 uagb-infobox__content-wrap  uagb-infobox-icon-above-title uagb-infobox-image-valign-top\"><div class=\"uagb-ifb-content\"><div class=\"uagb-ifb-title-wrap\"><h3 class=\"uagb-ifb-title\">Maarit Ahlgren<\/h3><\/div><p class=\"uagb-ifb-desc\">Puheenjohtaja<\/p><\/div><\/div>\n<\/div>\n\n\n\n<div class=\"wp-block-uagb-container uagb-block-f7m3oc9r\">\n<div class=\"wp-block-uagb-info-box uagb-block-obqkks9p uagb-infobox__content-wrap  uagb-infobox-icon-above-title uagb-infobox-image-valign-top\"><div class=\"uagb-ifb-content\"><div class=\"uagb-ifb-title-wrap\"><h3 class=\"uagb-ifb-title\">Riitta Kapanen<\/h3><\/div><p class=\"uagb-ifb-desc\">Varapuheenjohtaja<\/p><\/div><\/div>\n<\/div>\n\n\n\n<div class=\"wp-block-uagb-container uagb-block-mnm492fe\">\n<div class=\"wp-block-uagb-info-box uagb-block-m7ezos3a uagb-infobox__content-wrap  uagb-infobox-icon-above-title uagb-infobox-image-valign-top\"><div class=\"uagb-ifb-content\"><div class=\"uagb-ifb-title-wrap\"><h3 class=\"uagb-ifb-title\">Tiina Kapanen<\/h3><\/div><p class=\"uagb-ifb-desc\">Sihteeri<\/p><\/div><\/div>\n<\/div>\n<\/div>\n\n\n\n<div class=\"wp-block-uagb-container uagb-block-5bb4d676\">\n<div class=\"wp-block-uagb-container uagb-block-c51244da\">\n<div class=\"wp-block-uagb-info-box uagb-block-aaac2b7a uagb-infobox__content-wrap  uagb-infobox-icon-above-title uagb-infobox-image-valign-top\"><div class=\"uagb-ifb-content\"><div class=\"uagb-ifb-title-wrap\"><h3 class=\"uagb-ifb-title\">Heikki Mielonen<\/h3><\/div><p class=\"uagb-ifb-desc\">J\u00e4sen<\/p><\/div><\/div>\n<\/div>\n\n\n\n<div class=\"wp-block-uagb-container uagb-block-5b00970f\">\n<div class=\"wp-block-uagb-info-box uagb-block-8c19a36d uagb-infobox__content-wrap  uagb-infobox-icon-above-title uagb-infobox-image-valign-top\"><div class=\"uagb-ifb-content\"><div class=\"uagb-ifb-title-wrap\"><h3 class=\"uagb-ifb-title\">Raija Tervonen<\/h3><\/div><p class=\"uagb-ifb-desc\">J\u00e4sen<\/p><\/div><\/div>\n<\/div>\n\n\n\n<div class=\"wp-block-uagb-container uagb-block-a81aafe6\">\n<div class=\"wp-block-uagb-info-box uagb-block-f75e19f5 uagb-infobox__content-wrap  uagb-infobox-icon-above-title uagb-infobox-image-valign-top\"><div class=\"uagb-ifb-content\"><div class=\"uagb-ifb-title-wrap\"><h3 class=\"uagb-ifb-title\">Hanna Sepp\u00e4nen<\/h3><\/div><p class=\"uagb-ifb-desc\">J\u00e4sen<\/p><\/div><\/div>\n<\/div>\n<\/div>\n\n\n\n<div class=\"wp-block-uagb-container uagb-block-f5b7b06f\">\n<div class=\"wp-block-uagb-container uagb-block-f0f74d2b\">\n<div class=\"wp-block-uagb-info-box uagb-block-76803728 uagb-infobox__content-wrap  uagb-infobox-icon-above-title uagb-infobox-image-valign-top\"><div class=\"uagb-ifb-content\"><div class=\"uagb-ifb-title-wrap\"><h3 class=\"uagb-ifb-title\">Risto Silvennoinen<\/h3><\/div><p class=\"uagb-ifb-desc\">J\u00e4sen<\/p><\/div><\/div>\n<\/div>\n\n\n\n<div class=\"wp-block-uagb-container uagb-block-f308652d\">\n<div class=\"wp-block-uagb-info-box uagb-block-8922e497 uagb-infobox__content-wrap  uagb-infobox-icon-above-title uagb-infobox-image-valign-top\"><div class=\"uagb-ifb-content\"><div class=\"uagb-ifb-title-wrap\"><h3 class=\"uagb-ifb-title\">Tuukka Suomalainen<\/h3><\/div><p class=\"uagb-ifb-desc\">J\u00e4sen<\/p><\/div><\/div>\n<\/div>\n\n\n\n<div class=\"wp-block-uagb-container uagb-block-2cd42d21\">\n<div class=\"wp-block-uagb-info-box uagb-block-b42ab761 uagb-infobox__content-wrap  uagb-infobox-icon-above-title uagb-infobox-image-valign-top\"><div class=\"uagb-ifb-content\"><div class=\"uagb-ifb-title-wrap\"><h3 class=\"uagb-ifb-title\">Vesa Pulkkinen<\/h3><\/div><p class=\"uagb-ifb-desc\">J\u00e4sen<\/p><\/div><\/div>\n<\/div>\n<\/div>\n\n\n\n<div class=\"wp-block-uagb-container uagb-block-e2baa5b1\">\n<div class=\"wp-block-uagb-container uagb-block-dcc3b4fe\">\n<div class=\"wp-block-uagb-info-box uagb-block-11adf587 uagb-infobox__content-wrap  uagb-infobox-icon-above-title uagb-infobox-image-valign-top\"><div class=\"uagb-ifb-content\"><div class=\"uagb-ifb-title-wrap\"><h3 class=\"uagb-ifb-title\">Marjut Makkonen<\/h3><\/div><p class=\"uagb-ifb-desc\">Varaj\u00e4sen<\/p><\/div><\/div>\n<\/div>\n\n\n\n<div class=\"wp-block-uagb-container uagb-block-6e1fe2bf\">\n<div class=\"wp-block-uagb-info-box uagb-block-ba5d278b uagb-infobox__content-wrap  uagb-infobox-icon-above-title uagb-infobox-image-valign-top\"><div class=\"uagb-ifb-content\"><div class=\"uagb-ifb-title-wrap\"><h3 class=\"uagb-ifb-title\">Vesa Rinkinen<\/h3><\/div><p class=\"uagb-ifb-desc\">Varaj\u00e4sen<\/p><\/div><\/div>\n<\/div>\n<\/div>\n<\/div><\/div>\n\n\n\n<div class=\"wp-block-uagb-container uagb-block-409a2b88 alignfull uagb-is-root-container\"><div class=\"uagb-container-inner-blocks-wrap\">\n<div class=\"wp-block-uagb-container uagb-block-77f4dd7d\">\n<div class=\"wp-block-uagb-advanced-heading uagb-block-85bc5cfa\"><h2 class=\"uagb-heading-text\">Kerim\u00e4ki-em\u00e4nn\u00e4t<\/h2><\/div>\n\n\n\n<figure class=\"wp-block-table\"><table class=\"has-fixed-layout\"><tbody><tr><td><strong>2024<\/strong><\/td><td><strong>Maarit Ahlgren<\/strong><\/td><\/tr><tr><td>2022<\/td><td>Hanna Sepp\u00e4nen&nbsp;<\/td><\/tr><tr><td>2019<\/td><td>Raija Tervonen&nbsp;<\/td><\/tr><tr><td>2017<\/td><td>Riitta Kapanen&nbsp;<\/td><\/tr><tr><td>2015<\/td><td>Sari Peltonen&nbsp;<\/td><\/tr><tr><td>2013<\/td><td>Anja Kolkka&nbsp;<\/td><\/tr><tr><td>2011<\/td><td>Merja Immonen&nbsp;<\/td><\/tr><tr><td>2009<\/td><td>Maritta Luukkanen&nbsp;<\/td><\/tr><tr><td>2007<\/td><td>Annamaria Taskinen&nbsp;<\/td><\/tr><tr><td>2005<\/td><td>Marja-Leena Auvinen&nbsp;<\/td><\/tr><tr><td>2003<\/td><td>Seija Kiuru&nbsp;<\/td><\/tr><tr><td>2001<\/td><td>Eira Natunen&nbsp;<\/td><\/tr><tr><td>1999<\/td><td>Helvi Muukkonen&nbsp;<\/td><\/tr><tr><td>1997<\/td><td>Sinikka Litmanen&nbsp;<\/td><\/tr><tr><td>1995<\/td><td>Anja Mustonen&nbsp;<\/td><\/tr><tr><td>1993<\/td><td>Ulla Ij\u00e4s&nbsp;<\/td><\/tr><tr><td>1991<\/td><td>Marja-Leena Luumi&nbsp;<\/td><\/tr><tr><td>1990<\/td><td>Maire H\u00e4m\u00e4l\u00e4inen&nbsp;<\/td><\/tr><tr><td>1989<\/td><td>Marjatta N\u00e4rv\u00e4nen&nbsp;<\/td><\/tr><tr><td>1988<\/td><td>Sinikka Reijula&nbsp;<\/td><\/tr><tr><td>1987<\/td><td>Sirkka Raunola&nbsp;<\/td><\/tr><tr><td>1986<\/td><td>Vappu Nousiainen&nbsp;<\/td><\/tr><tr><td>1985<\/td><td>Terttu Jauhiainen&nbsp;<\/td><\/tr><tr><td>1984<\/td><td>Maire Koskela&nbsp;<\/td><\/tr><tr><td>1983<\/td><td>Sirkka Leinonen&nbsp;<\/td><\/tr><tr><td>1982<\/td><td>Ritva Kiiskinen&nbsp;<\/td><\/tr><tr><td>1981<\/td><td>Helli Karvinen&nbsp;<\/td><\/tr><tr><td>1980<\/td><td>Airi-Liisa Rauhansalo&nbsp;<\/td><\/tr><tr><td>1979<\/td><td>Elli Muhonen&nbsp;<\/td><\/tr><tr><td>1978<\/td><td>Ritva Kapanen&nbsp;<\/td><\/tr><tr><td>1977<\/td><td>Rauni Turtiainen&nbsp;<\/td><\/tr><tr><td>1976<\/td><td>Eila Silvennoinen&nbsp;<\/td><\/tr><tr><td>1975<\/td><td>Helmi Rinkinen<\/td><\/tr><\/tbody><\/table><\/figure>\n<\/div>\n\n\n\n<div class=\"wp-block-uagb-container uagb-block-7a619766\">\n<div class=\"wp-block-uagb-advanced-heading uagb-block-8e743564\"><h2 class=\"uagb-heading-text\">Kerim\u00e4ki-is\u00e4nn\u00e4t<\/h2><\/div>\n\n\n\n<figure class=\"wp-block-table\"><table class=\"has-fixed-layout\"><tbody><tr><td>2025<\/td><td><strong>Jesse H\u00e4rk\u00f6nen<\/strong><\/td><\/tr><tr><td><strong>2023<\/strong><\/td><td>Vesa Pulkkinen<\/td><\/tr><tr><td>2021<\/td><td>Risto Silvennoinen&nbsp;<\/td><\/tr><tr><td>2018<\/td><td>Muhonen Kari&nbsp;<\/td><\/tr><tr><td>2016<\/td><td>Pekka R\u00e4in\u00e4&nbsp;<\/td><\/tr><tr><td>2014<\/td><td>Heino H\u00e4m\u00e4l\u00e4inen&nbsp;<\/td><\/tr><tr><td>2012<\/td><td>Iikka Muhonen&nbsp;<\/td><\/tr><tr><td>2010<\/td><td>Lauri Lehikoinen&nbsp;<\/td><\/tr><tr><td>2008<\/td><td>Eino Salpakari&nbsp;<\/td><\/tr><tr><td>2006<\/td><td>Heikki Mielonen&nbsp;<\/td><\/tr><tr><td>2004<\/td><td>Matti Martikainen&nbsp;<\/td><\/tr><tr><td>2002<\/td><td>Kauko Rauhansalo&nbsp;<\/td><\/tr><tr><td>2000<\/td><td>Eino Kokkonen&nbsp;<\/td><\/tr><tr><td>1998<\/td><td>Olavi Nousiainen&nbsp;<\/td><\/tr><tr><td>1996<\/td><td>Esko Mielonen&nbsp;<\/td><\/tr><tr><td>1994<\/td><td>P\u00e4ivi\u00f6 Rauhansalo&nbsp;<\/td><\/tr><tr><td>1992<\/td><td>Yrj\u00f6 Kuparinen&nbsp;<\/td><\/tr><\/tbody><\/table><\/figure>\n\n\n\n<div class=\"wp-block-uagb-info-box uagb-block-b1a5569d uagb-infobox__content-wrap  uagb-infobox-icon-above-title uagb-infobox-image-valign-top wp-block-uagb-info-box--has-margin\"><div class=\"uagb-infobox-margin-wrapper\"><div class=\"uagb-ifb-content\"><div class=\"uagb-ifb-title-wrap\"><\/div><p class=\"uagb-ifb-desc\"><br><strong>Raija Tervosen em\u00e4nt\u00e4kausi kesti 3 vuotta koronaepidemian johdosta.<\/strong><br><br><br><strong>Vuonna 2020 ei valittu Kerim\u00e4ki-is\u00e4nt\u00e4\u00e4 Koronaepidemian johdosta.<\/strong><\/p><\/div><\/div><\/div>\n<\/div>\n<\/div><\/div>\n\n\n\n<div id=\"yhteystiedot\" class=\"wp-block-uagb-container uagb-block-cm4vq7h7 alignfull uagb-is-root-container\"><div class=\"uagb-container-inner-blocks-wrap\">\n<div class=\"wp-block-uagb-container uagb-block-mzzwohls\">\n<div class=\"wp-block-uagb-info-box uagb-block-ndzex5vj uagb-infobox__content-wrap  uagb-infobox-icon-above-title uagb-infobox-image-valign-top\"><div class=\"uagb-ifb-content\"><div class=\"uagb-ifb-title-wrap\"><h2 class=\"uagb-ifb-title\">Yhteystiedot<\/h2><\/div><div class=\"uagb-ifb-separator\"><\/div><\/div><\/div>\n\n\n\n<div class=\"wp-block-uagb-info-box uagb-block-hbazg6c9 uagb-infobox__content-wrap  uagb-infobox-icon-above-title uagb-infobox-image-valign-top\"><div class=\"uagb-ifb-content\"><div class=\"uagb-ifb-icon-wrap\"><svg xmlns=\"https:\/\/www.w3.org\/2000\/svg\" viewBox=\"0 0 384 512\"><path d=\"M168.3 499.2C116.1 435 0 279.4 0 192C0 85.96 85.96 0 192 0C298 0 384 85.96 384 192C384 279.4 267 435 215.7 499.2C203.4 514.5 180.6 514.5 168.3 499.2H168.3zM192 256C227.3 256 256 227.3 256 192C256 156.7 227.3 128 192 128C156.7 128 128 156.7 128 192C128 227.3 156.7 256 192 256z\"><\/path><\/svg><\/div><div class=\"uagb-ifb-title-wrap\"><p class=\"uagb-ifb-title\">Postiosoite<\/p><\/div><p class=\"uagb-ifb-desc\">Kerim\u00e4entie 1<br>58200 Kerim\u00e4ki&nbsp;<\/p><div class=\"uagb-ifb-separator\"><\/div><\/div><\/div>\n\n\n\n<div class=\"wp-block-uagb-container uagb-block-gtocz9sa\">\n<div class=\"wp-block-uagb-container uagb-block-njkyard0\">\n<div class=\"wp-block-uagb-info-box uagb-block-42db4d40 uagb-infobox__content-wrap  uagb-infobox-icon-above-title uagb-infobox-image-valign-top\"><div class=\"uagb-ifb-content\"><div class=\"uagb-ifb-title-wrap\"><h3 class=\"uagb-ifb-title\">Puheenjohtaja<\/h3><\/div><p class=\"uagb-ifb-desc\"><strong>Maarit Ahlgren<\/strong><br>040 5859582<\/p><\/div><\/div>\n<\/div>\n\n\n\n<div class=\"wp-block-uagb-container uagb-block-pjmqrd4a\">\n<div class=\"wp-block-uagb-info-box uagb-block-bd554b75 uagb-infobox__content-wrap  uagb-infobox-icon-above-title uagb-infobox-image-valign-top\"><div class=\"uagb-ifb-content\"><div class=\"uagb-ifb-title-wrap\"><h3 class=\"uagb-ifb-title\">Sihteeri<\/h3><\/div><p class=\"uagb-ifb-desc\"><strong>Tiina Kapanen<\/strong><br>040 5252070<\/p><\/div><\/div>\n<\/div>\n<\/div>\n\n\n\n<div class=\"wp-block-uagb-container uagb-block-x4rozapd\">\n<div class=\"wp-block-uagb-info-box uagb-block-yupodqhr uagb-infobox__content-wrap  uagb-infobox-icon-above-title uagb-infobox-image-valign-top\"><div class=\"uagb-ifb-content\"><div class=\"uagb-ifb-icon-wrap\"><svg xmlns=\"https:\/\/www.w3.org\/2000\/svg\" viewBox=\"0 0 512 512\"><path d=\"M464 64C490.5 64 512 85.49 512 112C512 127.1 504.9 141.3 492.8 150.4L275.2 313.6C263.8 322.1 248.2 322.1 236.8 313.6L19.2 150.4C7.113 141.3 0 127.1 0 112C0 85.49 21.49 64 48 64H464zM217.6 339.2C240.4 356.3 271.6 356.3 294.4 339.2L512 176V384C512 419.3 483.3 448 448 448H64C28.65 448 0 419.3 0 384V176L217.6 339.2z\"><\/path><\/svg><\/div><div class=\"uagb-ifb-title-wrap\"><p class=\"uagb-ifb-title\">S\u00e4hk\u00f6posti<\/p><\/div><p class=\"uagb-ifb-desc\"><a href=\"mailto:kerimakiseura@kerimakiseura.fi\">kerimakiseura@kerimakiseura.fi<\/a><\/p><\/div><\/div>\n<\/div>\n<\/div>\n\n\n\n<div class=\"wp-block-uagb-separator uagb-block-7fafffef\"><div class=\"uagb-separator-spacing-wrapper\"><div class=\"wp-block-uagb-separator__inner\" style=\"--my-background-image:url(&quot;data:image\/svg+xml,%3Csvg width='16' height='16' viewBox='0 0 16 16' fill='none' xmlns='http:\/\/www.w3.org\/2000\/svg'%3E%3Cpath d='M6.29312 16.9999L17 6.29302M14.2931 16.9999L17 14.293M-0.707031 15.9999L16.0002 -0.707153M8.00017 -0.707153L-0.706882 7.9999' stroke='black'\/%3E%3C\/svg%3E&quot;)\"><\/div><\/div><\/div>\n\n\n\n<div class=\"wp-block-uagb-container uagb-block-1afbfc0d\">\n<div class=\"wp-block-uagb-info-box uagb-block-38f01abc uagb-infobox__content-wrap  uagb-infobox-icon-above-title uagb-infobox-image-valign-top wp-block-uagb-info-box--has-margin\"><div class=\"uagb-infobox-margin-wrapper\"><div class=\"uagb-ifb-content\"><div class=\"uagb-ifb-title-wrap\"><h4 class=\"uagb-ifb-title\">Jos Kerim\u00e4ki-seuran j\u00e4senmaksusi kuluvalta vuodelta on viel\u00e4 maksamatta, voit hoitaa sen alla olevilla tiedoilla:<\/h4><\/div><\/div><\/div><\/div>\n\n\n\n<div class=\"wp-block-uagb-image uagb-block-216414f3 wp-block-uagb-image--layout-default wp-block-uagb-image--effect-static wp-block-uagb-image--align-none\"><figure class=\"wp-block-uagb-image__figure\"><img decoding=\"async\" srcset=\"https:\/\/www.rissanen.palvelin.pro\/kerimakiseura\/wp-content\/uploads\/2025\/04\/Jasenmaksu_2025-1-1024x280.webp ,https:\/\/www.rissanen.palvelin.pro\/kerimakiseura\/wp-content\/uploads\/2025\/04\/Jasenmaksu_2025-1.webp 780w, https:\/\/www.rissanen.palvelin.pro\/kerimakiseura\/wp-content\/uploads\/2025\/04\/Jasenmaksu_2025-1.webp 360w\" sizes=\"auto, (max-width: 480px) 150px\" src=\"https:\/\/www.rissanen.palvelin.pro\/kerimakiseura\/wp-content\/uploads\/2025\/04\/Jasenmaksu_2025-1-1024x280.webp\" alt=\"\" class=\"uag-image-156\" width=\"1024\" height=\"280\" title=\"Jasenmaksu_2025\" loading=\"lazy\" role=\"img\"\/><\/figure><\/div>\n\n\n\n<div class=\"wp-block-uagb-info-box uagb-block-debb3637 uagb-infobox__content-wrap  uagb-infobox-icon-above-title uagb-infobox-image-valign-top wp-block-uagb-info-box--has-margin\"><div class=\"uagb-infobox-margin-wrapper\"><div class=\"uagb-ifb-content\"><div class=\"uagb-ifb-title-wrap\"><h6 class=\"uagb-ifb-title\">Jos sinulla on kysytt\u00e4v\u00e4\u00e4 j\u00e4senmaksusta, ota yhteytt\u00e4 j\u00e4senasiain hoitaja Anna-Liisa Sepp\u00e4nen-Kuikkaan. <br>Viestill\u00e4 numeroon 050-5594799 tai s\u00e4hk\u00f6postitse anna-liisa.seppanen-kuikka@suursaimaa.com<\/h6><\/div><\/div><\/div><\/div>\n<\/div>\n<\/div><\/div>\n","protected":false},"excerpt":{"rendered":"<p>Kerim\u00e4ki-em\u00e4nn\u00e4t 2024 Maarit Ahlgren 2022 Hanna Sepp\u00e4nen&nbsp; 2019 Raija Tervonen&nbsp; 2017 Riitta Kapanen&nbsp; 2015 Sari Peltonen&nbsp; 2013 Anja Kolkka&nbsp; 2011 Merja Immonen&nbsp; 2009 Maritta Luukkanen&nbsp; 2007 Annamaria Taskinen&nbsp; 2005 Marja-Leena [&hellip;]<\/p>\n","protected":false},"author":1,"featured_media":0,"parent":0,"menu_order":0,"comment_status":"closed","ping_status":"closed","template":"","meta":{"_uag_custom_page_level_css":"","site-sidebar-layout":"default","site-content-layout":"","ast-site-content-layout":"","site-content-style":"default","site-sidebar-style":"default","ast-global-header-display":"","ast-banner-title-visibility":"","ast-main-header-display":"","ast-hfb-above-header-display":"","ast-hfb-below-header-display":"","ast-hfb-mobile-header-display":"","site-post-title":"disabled","ast-breadcrumbs-content":"","ast-featured-img":"","footer-sml-layout":"","theme-transparent-header-meta":"","adv-header-id-meta":"","stick-header-meta":"","header-above-stick-meta":"","header-main-stick-meta":"","header-below-stick-meta":"","astra-migrate-meta-layouts":"default","ast-page-background-enabled":"default","ast-page-background-meta":{"desktop":{"background-color":"var(--ast-global-color-5)","background-image":"","background-repeat":"repeat","background-position":"center center","background-size":"auto","background-attachment":"scroll","background-type":"","background-media":"","overlay-type":"","overlay-color":"","overlay-opacity":"","overlay-gradient":""},"tablet":{"background-color":"","background-image":"","background-repeat":"repeat","background-position":"center center","background-size":"auto","background-attachment":"scroll","background-type":"","background-media":"","overlay-type":"","overlay-color":"","overlay-opacity":"","overlay-gradient":""},"mobile":{"background-color":"","background-image":"","background-repeat":"repeat","background-position":"center center","background-size":"auto","background-attachment":"scroll","background-type":"","background-media":"","overlay-type":"","overlay-color":"","overlay-opacity":"","overlay-gradient":""}},"ast-content-background-meta":{"desktop":{"background-color":"var(--ast-global-color-4)","background-image":"","background-repeat":"repeat","background-position":"center center","background-size":"auto","background-attachment":"scroll","background-type":"","background-media":"","overlay-type":"","overlay-color":"","overlay-opacity":"","overlay-gradient":""},"tablet":{"background-color":"var(--ast-global-color-4)","background-image":"","background-repeat":"repeat","background-position":"center center","background-size":"auto","background-attachment":"scroll","background-type":"","background-media":"","overlay-type":"","overlay-color":"","overlay-opacity":"","overlay-gradient":""},"mobile":{"background-color":"var(--ast-global-color-4)","background-image":"","background-repeat":"repeat","background-position":"center center","background-size":"auto","background-attachment":"scroll","background-type":"","background-media":"","overlay-type":"","overlay-color":"","overlay-opacity":"","overlay-gradient":""}},"footnotes":""},"class_list":["post-37","page","type-page","status-publish","hentry"],"uagb_featured_image_src":{"full":false,"thumbnail":false,"medium":false,"medium_large":false,"large":false,"1536x1536":false,"2048x2048":false},"uagb_author_info":{"display_name":"admin","author_link":"https:\/\/www.rissanen.palvelin.pro\/kerimakiseura\/author\/admin\/"},"uagb_comment_info":0,"uagb_excerpt":"Kerim\u00e4ki-em\u00e4nn\u00e4t 2024 Maarit Ahlgren 2022 Hanna Sepp\u00e4nen&nbsp; 2019 Raija Tervonen&nbsp; 2017 Riitta Kapanen&nbsp; 2015 Sari Peltonen&nbsp; 2013 Anja Kolkka&nbsp; 2011 Merja Immonen&nbsp; 2009 Maritta Luukkanen&nbsp; 2007 Annamaria Taskinen&nbsp; 2005 Marja-Leena [&hellip;]","_links":{"self":[{"href":"https:\/\/www.rissanen.palvelin.pro\/kerimakiseura\/wp-json\/wp\/v2\/pages\/37","targetHints":{"allow":["GET"]}}],"collection":[{"href":"https:\/\/www.rissanen.palvelin.pro\/kerimakiseura\/wp-json\/wp\/v2\/pages"}],"about":[{"href":"https:\/\/www.rissanen.palvelin.pro\/kerimakiseura\/wp-json\/wp\/v2\/types\/page"}],"author":[{"embeddable":true,"href":"https:\/\/www.rissanen.palvelin.pro\/kerimakiseura\/wp-json\/wp\/v2\/users\/1"}],"replies":[{"embeddable":true,"href":"https:\/\/www.rissanen.palvelin.pro\/kerimakiseura\/wp-json\/wp\/v2\/comments?post=37"}],"version-history":[{"count":51,"href":"https:\/\/www.rissanen.palvelin.pro\/kerimakiseura\/wp-json\/wp\/v2\/pages\/37\/revisions"}],"predecessor-version":[{"id":903,"href":"https:\/\/www.rissanen.palvelin.pro\/kerimakiseura\/wp-json\/wp\/v2\/pages\/37\/revisions\/903"}],"wp:attachment":[{"href":"https:\/\/www.rissanen.palvelin.pro\/kerimakiseura\/wp-json\/wp\/v2\/media?parent=37"}],"curies":[{"name":"wp","href":"https:\/\/api.w.org\/{rel}","templated":true}]}}